{"version":"1.0","provider_name":"Gonzalo Anaya","provider_url":"https:\/\/www.gonzaloanaya.com\/es\/","author_name":"Gonzalo Anaya","author_url":"https:\/\/www.gonzaloanaya.com\/es\/author\/gonzalo-anaya\/","title":"Reuni\u00f3n con la Consellera d'Educaci\u00f3 Carmen Ort\u00ed | Gonzalo Anaya","type":"rich","width":600,"height":338,"html":"<blockquote class=\"wp-embedded-content\" data-secret=\"S8LWqyGMpz\"><a href=\"https:\/\/www.gonzaloanaya.com\/es\/2026\/02\/05\/reunion-con-la-consellera-deducacio-carmen-orti\/\">Reuni\u00f3n con la Consellera d&#8217;Educaci\u00f3 Carmen Ort\u00ed<\/a><\/blockquote><iframe sandbox=\"allow-scripts\" security=\"restricted\" src=\"https:\/\/www.gonzaloanaya.com\/es\/2026\/02\/05\/reunion-con-la-consellera-deducacio-carmen-orti\/embed\/#?secret=S8LWqyGMpz\" width=\"600\" height=\"338\" title=\"\u00abReuni\u00f3n con la Consellera d&#8217;Educaci\u00f3 Carmen Ort\u00ed\u00bb \u2014 Gonzalo Anaya\" data-secret=\"S8LWqyGMpz\" frameborder=\"0\" marginwidth=\"0\" marginheight=\"0\" scrolling=\"no\" class=\"wp-embedded-content\"><\/iframe><script type=\"text\/javascript\">\n\/*! This file is auto-generated *\/\n!function(c,d){\"use strict\";var e=!1,o=!1;if(d.querySelector)if(c.addEventListener)e=!0;if(c.wp=c.wp||{},c.wp.receiveEmbedMessage);else if(c.wp.receiveEmbedMessage=function(e){var t=e.data;if(!t);else if(!(t.secret||t.message||t.value));else if(\/[^a-zA-Z0-9]\/.test(t.secret));else{for(var r,s,a,i=d.querySelectorAll('iframe[data-secret=\"'+t.secret+'\"]'),n=d.querySelectorAll('blockquote[data-secret=\"'+t.secret+'\"]'),o=new RegExp(\"^https?:$\",\"i\"),l=0;l<n.length;l++)n[l].style.display=\"none\";for(l=0;l<i.length;l++)if(r=i[l],e.source!==r.contentWindow);else{if(r.removeAttribute(\"style\"),\"height\"===t.message){if(1e3<(s=parseInt(t.value,10)))s=1e3;else if(~~s<200)s=200;r.height=s}if(\"link\"===t.message)if(s=d.createElement(\"a\"),a=d.createElement(\"a\"),s.href=r.getAttribute(\"src\"),a.href=t.value,!o.test(a.protocol));else if(a.host===s.host)if(d.activeElement===r)c.top.location.href=t.value}}},e)c.addEventListener(\"message\",c.wp.receiveEmbedMessage,!1),d.addEventListener(\"DOMContentLoaded\",t,!1),c.addEventListener(\"load\",t,!1);function t(){if(o);else{o=!0;for(var e,t,r,s=-1!==navigator.appVersion.indexOf(\"MSIE 10\"),a=!!navigator.userAgent.match(\/Trident.*rv:11\\.\/),i=d.querySelectorAll(\"iframe.wp-embedded-content\"),n=0;n<i.length;n++){if(!(r=(t=i[n]).getAttribute(\"data-secret\")))r=Math.random().toString(36).substr(2,10),t.src+=\"#?secret=\"+r,t.setAttribute(\"data-secret\",r);if(s||a)(e=t.cloneNode(!0)).removeAttribute(\"security\"),t.parentNode.replaceChild(e,t);t.contentWindow.postMessage({message:\"ready\",secret:r},\"*\")}}}}(window,document);\n<\/script>\n","thumbnail_url":"http:\/\/www.gonzaloanaya.com\/wp-content\/uploads\/2026\/02\/260202_EDUC_Foto1_GonzaloAnaya.jpeg","thumbnail_width":1155,"thumbnail_height":834,"description":"La Confederaci\u00f3n Gonzalo Anaya ha valorado positivamente la reuni\u00f3n mantenida con la consellera de Educaci\u00f3n, en la que se han abordado cuestiones clave como el retraso en la mejora de las infraestructuras educativas, la necesidad de una bajada generalizada de las ratios, las carencias del Decreto de Convivencia y la revisi\u00f3n de los mecanismos de la jornada escolar. Valencia, 2 de febrero de 2026. El portavoz de la Confederaci\u00f3n, Rub\u00e9n Pacheco, ha reclamado una aplicaci\u00f3n m\u00e1s eficiente del presupuesto educativo para que se traduzca en mejoras reales en las infraestructuras de los centros, la estabilidad de las plantillas docentes, la climatizaci\u00f3n de las aulas y una financiaci\u00f3n regular de los centros educativos, con remesas puntuales y peri\u00f3dicas. En cuanto a las infraestructuras, la Confederaci\u00f3n ha solicitado una atenci\u00f3n prioritaria a los centros afectados por la DANA, donde todav\u00eda persisten graves problemas de alcantarillado, patios inundables y falta de espacio. Asimismo, ha pedido una actualizaci\u00f3n \u201cm\u00e1s humana\u201d de los proyectos arquitect\u00f3nicos de los centros de nueva creaci\u00f3n. En relaci\u00f3n con el Decreto de Convivencia, Pacheco ha se\u00f1alado que el texto \u201cnace incompleto\u201d al no regular la igualdad ni la perspectiva de g\u00e9nero, una carencia que, seg\u00fan la Confederaci\u00f3n, deber\u00eda corregirse, ya [&hellip;]"}